{"id":6,"date":"2025-07-16T14:23:17","date_gmt":"2025-07-16T12:23:17","guid":{"rendered":"https:\/\/blogs.uni-paderborn.de\/tmoritz\/?page_id=6"},"modified":"2025-07-25T12:50:10","modified_gmt":"2025-07-25T10:50:10","slug":"1525-under-construction","status":"publish","type":"page","link":"https:\/\/blogs.uni-paderborn.de\/tmoritz\/1525-under-construction\/","title":{"rendered":"1525: under construction"},"content":{"rendered":"<div class=\"twoclick_social_bookmarks_post_6 social_share_privacy clearfix 1.6.4 locale-de_DE sprite-de_DE\"><\/div><div class=\"twoclick-js\"><script type=\"text\/javascript\">\/* <![CDATA[ *\/\njQuery(document).ready(function($){if($('.twoclick_social_bookmarks_post_6')){$('.twoclick_social_bookmarks_post_6').socialSharePrivacy({\"txt_help\":\"Wenn Sie diese Felder durch einen Klick aktivieren, werden Informationen an Facebook, Twitter, Flattr, Xing, t3n, LinkedIn, Pinterest oder Google eventuell ins Ausland \\u00fcbertragen und unter Umst\\u00e4nden auch dort gespeichert. N\\u00e4heres erfahren Sie durch einen Klick auf das <em>i<\\\/em>.\",\"settings_perma\":\"Dauerhaft aktivieren und Daten\\u00fcber-tragung zustimmen:\",\"info_link\":\"http:\\\/\\\/www.heise.de\\\/ct\\\/artikel\\\/2-Klicks-fuer-mehr-Datenschutz-1333879.html\",\"uri\":\"https:\\\/\\\/blogs.uni-paderborn.de\\\/tmoritz\\\/1525-under-construction\\\/\",\"post_id\":6,\"post_title_referrer_track\":\"1525%3A+under+construction\",\"display_infobox\":\"on\"});}});\n\/* ]]> *\/<\/script><\/div>\n<div class=\"wp-block-group alignfull is-style-section-3 has-global-padding is-layout-constrained wp-block-group-is-layout-constrained is-style-section-3--1\" style=\"margin-top:0;margin-bottom:0;padding-top:var(--wp--preset--spacing--60);padding-bottom:var(--wp--preset--spacing--60)\">\n<div class=\"wp-block-columns alignwide is-layout-flex wp-container-core-columns-is-layout-643ced6b wp-block-columns-is-layout-flex\">\n<div class=\"wp-block-column is-layout-flow wp-block-column-is-layout-flow\" style=\"flex-basis:40%\"><\/div>\n\n\n\n<div class=\"wp-block-column is-vertically-aligned-center is-layout-flow wp-container-core-column-is-layout-119bc444 wp-block-column-is-layout-flow\" style=\"flex-basis:60%\">\n<figure class=\"wp-block-pullquote\"><blockquote><p>\u00bbDer Historiker muss gegen den Strich lesen und muss jede Identit\u00e4t verhindern, um die Konflikte freizulegen, die von der Identit\u00e4t zugedeckt werden.\u00ab<br><\/p><cite>R. Koselleck, Gibt es ein kollektives Ged\u00e4chtnis? (2004)<\/cite><\/blockquote><\/figure>\n<\/div>\n<\/div>\n<\/div>\n\n\n\n<div class=\"wp-block-group alignfull is-style-section-5 has-global-padding is-layout-constrained wp-block-group-is-layout-constrained is-style-section-5--2\" style=\"margin-top:0;margin-bottom:0;padding-top:var(--wp--preset--spacing--50);padding-bottom:var(--wp--preset--spacing--50)\">\n<div class=\"wp-block-columns alignwide is-layout-flex wp-container-core-columns-is-layout-7ee84d44 wp-block-columns-is-layout-flex\">\n<div class=\"wp-block-column is-vertically-aligned-center is-layout-flow wp-block-column-is-layout-flow\" style=\"flex-basis:50%\">\n<h2 class=\"wp-block-heading\">idee<\/h2>\n\n\n\n<p class=\"has-medium-font-size\">Was heute als \u00bbder Bauernkrieg\u00ab erinnert wird, war ein vielstimmiges, zersplittertes Geschehen. Erst durch Bilder, Flugschriften, Erz\u00e4hlungen \u2013 durch Medien also \u2013 wurde daraus ein einheitlich lesbares \u203aEreignis\u2039. Und auch das Bild, das davon geblieben ist, wurde immer wieder \u00fcberformt: von Anstiftern und Widerst\u00e4ndlern, von Politikern und Denkmalsetzern, als Lernstoff oder spielerische Aneignung.<br><br>Studierende der Geschichtswissenschaft an der Uni Paderborn haben sich mit den Begr\u00fcndungen und Rezeptionen des Geschehens im Jahr 1525 auseinandergesetzt. Nicht mit der Frage: Was war damals wirklich? Sie fragen: Was wurde daraus gemacht?<\/p>\n\n\n\n<p class=\"has-medium-font-size\">Im Ergebnis: Keine Kritik um der Dekonstruktion willen, sondern auf der Suche nach Deutungskonflikten, die von der jeweiligen Gegenwart ausgehen \u2013 also Geschichts- als Gegenwartswissenschaft verstehen.<\/p>\n<\/div>\n\n\n\n<div class=\"wp-block-column is-vertically-aligned-center is-layout-flow wp-block-column-is-layout-flow\" style=\"flex-basis:50%\">\n<figure class=\"wp-block-image size-full wp-duotone-111111-rgb25525596-3\"><img loading=\"lazy\" decoding=\"async\" width=\"1600\" height=\"900\" src=\"https:\/\/blogs.uni-paderborn.de\/tmoritz\/files\/2025\/07\/Rezeptionen-Bauernkrieg.jpg\" alt=\"\" class=\"wp-image-11\" style=\"aspect-ratio:1;object-fit:cover\" srcset=\"https:\/\/blogs.uni-paderborn.de\/tmoritz\/files\/2025\/07\/Rezeptionen-Bauernkrieg.jpg 1600w, https:\/\/blogs.uni-paderborn.de\/tmoritz\/files\/2025\/07\/Rezeptionen-Bauernkrieg-300x169.jpg 300w, https:\/\/blogs.uni-paderborn.de\/tmoritz\/files\/2025\/07\/Rezeptionen-Bauernkrieg-1024x576.jpg 1024w, https:\/\/blogs.uni-paderborn.de\/tmoritz\/files\/2025\/07\/Rezeptionen-Bauernkrieg-768x432.jpg 768w, https:\/\/blogs.uni-paderborn.de\/tmoritz\/files\/2025\/07\/Rezeptionen-Bauernkrieg-1536x864.jpg 1536w\" sizes=\"auto, (max-width: 1600px) 100vw, 1600px\" \/><\/figure>\n<\/div>\n<\/div>\n<\/div>\n\n\n\n<div class=\"wp-block-group alignfull is-style-section-1 has-global-padding is-layout-constrained wp-block-group-is-layout-constrained is-style-section-1--4\" style=\"margin-top:0;margin-bottom:0;padding-top:var(--wp--preset--spacing--50);padding-bottom:var(--wp--preset--spacing--50)\">\n<div class=\"wp-block-columns alignwide is-layout-flex wp-container-core-columns-is-layout-7ee84d44 wp-block-columns-is-layout-flex\">\n<div class=\"wp-block-column is-vertically-aligned-center is-layout-flow wp-block-column-is-layout-flow\" style=\"flex-basis:50%\">\n<figure class=\"wp-block-image size-full\"><a href=\"https:\/\/st.museum-digital.de\/object\/36625\" target=\"_blank\" rel=\" noreferrer noopener\"><img loading=\"lazy\" decoding=\"async\" width=\"949\" height=\"949\" src=\"https:\/\/blogs.uni-paderborn.de\/tmoritz\/files\/2025\/07\/Du\u0308rer-Bauern-04.png\" alt=\"\" class=\"wp-image-120\" srcset=\"https:\/\/blogs.uni-paderborn.de\/tmoritz\/files\/2025\/07\/Du\u0308rer-Bauern-04.png 949w, https:\/\/blogs.uni-paderborn.de\/tmoritz\/files\/2025\/07\/Du\u0308rer-Bauern-04-300x300.png 300w, https:\/\/blogs.uni-paderborn.de\/tmoritz\/files\/2025\/07\/Du\u0308rer-Bauern-04-150x150.png 150w, https:\/\/blogs.uni-paderborn.de\/tmoritz\/files\/2025\/07\/Du\u0308rer-Bauern-04-768x768.png 768w\" sizes=\"auto, (max-width: 949px) 100vw, 949px\" \/><\/a><\/figure>\n<\/div>\n\n\n\n<div class=\"wp-block-column is-vertically-aligned-center is-layout-flow wp-block-column-is-layout-flow\" style=\"flex-basis:50%\">\n<h2 class=\"wp-block-heading has-text-align-left\">kontext<\/h2>\n\n\n\n<p class=\"has-medium-font-size\">Der Bauernkrieg von 1525 \u2013 l\u00e4ngst vergessen? Jein \u2026<\/p>\n\n\n\n<p class=\"has-medium-font-size\">Bis heute wird das historische \u203aEreignis\u2039 immer wieder und mit wechselnden Konjunkturen als Projektionsraum f\u00fcr Selbstdeutungen und Hoffnungen genutzt. Unter der \u00dcberschrift \u00bbDer Bauernkrieg 1525: Herrschaft, Religion, Ged\u00e4chtnis\u00ab versuchten wir uns diesen Wirkungen und ihren Anl\u00e4ssen anzun\u00e4hern.<\/p>\n\n\n\n<p class=\"has-medium-font-size\">Im Anschluss an die Auseinandersetzung mit exemplarischen zeitgen\u00f6ssischen Quellen und ihren Kontexten richtete sich unser Blick deshalb auf deren sp\u00e4tere Verarbeitungen. Die Analyse galt auch weltanschaulichen Unterschieden: Das Panorama der <em>Schlacht von Frankenhausen<\/em> (1976\u20131987) oder der Spielfilm <em>J\u00f6rg Ratgeb, Maler<\/em> (1978) beleuchteten etwa Produktionen der DDR, w\u00e4hrend neuere Interpretationen wie das Computerspiel <em>Pentiment<\/em> (2022), die Graphic Novel <em>1525. Der Aufstand<\/em> (2024) oder die Social-Media-Kampagne <em>#lautseit1525<\/em> Gegenwartsperspektiven verdeutlichten.<\/p>\n\n\n\n<p class=\"has-medium-font-size\">Medium und \u203aFraming\u2039 der Pr\u00e4sentation blieben uns \u00fcberlassen, sodass sehr unterschiedliche und vielgestaltige Zug\u00e4nge und Einordnungen entstanden. Diese wurden im Seminar vorgestellt, eingeordnet und diskutiert \u2013 und werden hier nicht als Endergebnis, sondern als andauernder Reflexionsprozess dokumentiert.<\/p>\n\n\n\n<p class=\"has-medium-font-size\">Alle Rezeptionen eint, dass sie mit spezifischen Absichten geschaffen wurden. Fast immer, um ein politisches Statement zu setzen. Dabei f\u00e4llt auf, dass einige historische Pers\u00f6nlichkeiten, wie Albrecht D\u00fcrer oder Thomas M\u00fcntzer, ungeachtet ihrer tats\u00e4chlichen Bedeutung, besonders h\u00e4ufig auftauchen \u2013 ob als mehr illustrativer \u203aTypus\u2039 ihrer Zeit oder, \u00f6fter, als Identifikationsfigur und Vertreter der in den Erz\u00e4hlungen mitlaufenden Agenda.<\/p>\n\n\n\n<p class=\"has-medium-font-size\">Hier findet man nun die Zug\u00e4nge, die wir gefunden haben. Nicht zuletzt in ihrer Vielgestaltigkeit m\u00f6gen sie zeigen, wie sich die Sicht auf den Bauernkrieg ver\u00e4ndert hat \u2013 die vergangener Gegenwarten wie auch unsere eigene bei der Auseinandersetzung damit. Uns ist die Ausschnitthaftigkeit der hier versammelten Rezeptionen v\u00f6llig bewusst. Wir hoffen aber, dass der geneigten Leserschaft mitunter eine Rezeption auffallen wird, die in dieser Form noch unbekannt war. Aber vielleicht geben sie einen Eindruck, welche Bedeutung der Bauernkrieg als Erinnerungsort, zwischen Fiktion und Fakten, noch heute hat.<\/p>\n\n\n\n<p class=\"has-medium-font-size\">Wir w\u00fcnschen viel Freude und vielleicht sogar die ein oder andere \u00dcberraschung und neue Erkenntnis mit unseren Beitr\u00e4gen!<\/p>\n<\/div>\n<\/div>\n<\/div>\n\n\n\n<div class=\"wp-block-group alignfull has-global-padding is-layout-constrained wp-container-core-group-is-layout-ebee8dc1 wp-block-group-is-layout-constrained\" style=\"margin-top:0;margin-bottom:0;padding-top:var(--wp--preset--spacing--50);padding-bottom:var(--wp--preset--spacing--50)\">\n<div class=\"wp-block-group alignwide is-content-justification-space-between is-layout-flex wp-container-core-group-is-layout-9366075c wp-block-group-is-layout-flex\">\n<h2 class=\"wp-block-heading alignwide has-text-align-left is-style-text-subtitle has-x-large-font-size is-style-text-subtitle--5\">beitr\u00e4ge<\/h2>\n<\/div>\n\n\n\n<div class=\"wp-block-group alignwide is-layout-grid wp-container-core-group-is-layout-1ce758a5 wp-block-group-is-layout-grid\">\n<div class=\"wp-block-columns is-layout-flex wp-container-core-columns-is-layout-28f84493 wp-block-columns-is-layout-flex\">\n<div class=\"wp-block-column is-layout-flow wp-block-column-is-layout-flow\" style=\"flex-basis:100%\">\n<div class=\"wp-block-columns is-layout-flex wp-container-core-columns-is-layout-28f84493 wp-block-columns-is-layout-flex\">\n<div class=\"wp-block-column is-layout-flow wp-block-column-is-layout-flow\" style=\"flex-basis:100%\">\n<div class=\"wp-block-media-text is-stacked-on-mobile is-vertically-aligned-top\"><figure class=\"wp-block-media-text__media\"><img loading=\"lazy\" decoding=\"async\" width=\"500\" height=\"500\" src=\"https:\/\/blogs.uni-paderborn.de\/tmoritz\/files\/2025\/07\/Panorama-Fisch-KL.jpg\" alt=\"\" class=\"wp-image-59 size-full\" srcset=\"https:\/\/blogs.uni-paderborn.de\/tmoritz\/files\/2025\/07\/Panorama-Fisch-KL.jpg 500w, https:\/\/blogs.uni-paderborn.de\/tmoritz\/files\/2025\/07\/Panorama-Fisch-KL-300x300.jpg 300w, https:\/\/blogs.uni-paderborn.de\/tmoritz\/files\/2025\/07\/Panorama-Fisch-KL-150x150.jpg 150w\" sizes=\"auto, (max-width: 500px) 100vw, 500px\" \/><\/figure><div class=\"wp-block-media-text__content\">\n<p><a href=\"https:\/\/blogs.uni-paderborn.de\/1525-under-construction\/2025\/07\/17\/das-bauernkriegspanorama-von-frankenhausen\/\" data-type=\"link\" data-id=\"https:\/\/blogs.uni-paderborn.de\/1525-under-construction\/2025\/07\/17\/das-bauernkriegspanorama-von-frankenhausen\/\">Das Bauernkriegs-panorama von Frankenhausen<\/a><\/p>\n<\/div><\/div>\n<\/div>\n<\/div>\n<\/div>\n<\/div>\n\n\n\n<div class=\"wp-block-media-text is-stacked-on-mobile is-vertically-aligned-top\"><figure class=\"wp-block-media-text__media\"><img loading=\"lazy\" decoding=\"async\" width=\"500\" height=\"500\" src=\"https:\/\/blogs.uni-paderborn.de\/tmoritz\/files\/2025\/07\/Ratgeb-KL.jpg\" alt=\"\" class=\"wp-image-65 size-full\" srcset=\"https:\/\/blogs.uni-paderborn.de\/tmoritz\/files\/2025\/07\/Ratgeb-KL.jpg 500w, https:\/\/blogs.uni-paderborn.de\/tmoritz\/files\/2025\/07\/Ratgeb-KL-300x300.jpg 300w, https:\/\/blogs.uni-paderborn.de\/tmoritz\/files\/2025\/07\/Ratgeb-KL-150x150.jpg 150w\" sizes=\"auto, (max-width: 500px) 100vw, 500px\" \/><\/figure><div class=\"wp-block-media-text__content\">\n<p><a href=\"https:\/\/blogs.uni-paderborn.de\/1525-under-construction\/2025\/07\/19\/joerg-ratgeb-maler\/\" data-type=\"link\" data-id=\"https:\/\/blogs.uni-paderborn.de\/1525-under-construction\/2025\/07\/19\/joerg-ratgeb-maler\/\">J\u00f6rg Ratgeb, Maler<\/a><\/p>\n<\/div><\/div>\n\n\n\n<div class=\"wp-block-media-text is-stacked-on-mobile is-vertically-aligned-top\"><figure class=\"wp-block-media-text__media\"><img loading=\"lazy\" decoding=\"async\" width=\"500\" height=\"500\" src=\"https:\/\/blogs.uni-paderborn.de\/tmoritz\/files\/2025\/07\/Pentiment-KL.jpg\" alt=\"\" class=\"wp-image-66 size-full\" srcset=\"https:\/\/blogs.uni-paderborn.de\/tmoritz\/files\/2025\/07\/Pentiment-KL.jpg 500w, https:\/\/blogs.uni-paderborn.de\/tmoritz\/files\/2025\/07\/Pentiment-KL-300x300.jpg 300w, https:\/\/blogs.uni-paderborn.de\/tmoritz\/files\/2025\/07\/Pentiment-KL-150x150.jpg 150w\" sizes=\"auto, (max-width: 500px) 100vw, 500px\" \/><\/figure><div class=\"wp-block-media-text__content\">\n<p><a href=\"https:\/\/blogs.uni-paderborn.de\/1525-under-construction\/2025\/07\/19\/pentiment\/\" data-type=\"link\" data-id=\"https:\/\/blogs.uni-paderborn.de\/1525-under-construction\/2025\/07\/19\/pentiment\/\">Pentiment<\/a><\/p>\n<\/div><\/div>\n\n\n\n<div class=\"wp-block-media-text is-stacked-on-mobile is-vertically-aligned-top\"><figure class=\"wp-block-media-text__media\"><img loading=\"lazy\" decoding=\"async\" width=\"500\" height=\"500\" src=\"https:\/\/blogs.uni-paderborn.de\/tmoritz\/files\/2025\/07\/Der-Aufstand-KL.jpg\" alt=\"\" class=\"wp-image-64 size-full\" srcset=\"https:\/\/blogs.uni-paderborn.de\/tmoritz\/files\/2025\/07\/Der-Aufstand-KL.jpg 500w, https:\/\/blogs.uni-paderborn.de\/tmoritz\/files\/2025\/07\/Der-Aufstand-KL-300x300.jpg 300w, https:\/\/blogs.uni-paderborn.de\/tmoritz\/files\/2025\/07\/Der-Aufstand-KL-150x150.jpg 150w\" sizes=\"auto, (max-width: 500px) 100vw, 500px\" \/><\/figure><div class=\"wp-block-media-text__content\">\n<p><a href=\"https:\/\/blogs.uni-paderborn.de\/1525-under-construction\/2025\/07\/19\/1525-der-aufstand\/\" data-type=\"link\" data-id=\"https:\/\/blogs.uni-paderborn.de\/1525-under-construction\/2025\/07\/19\/1525-der-aufstand\/\">1525. Der Aufstand<\/a><\/p>\n<\/div><\/div>\n\n\n\n<div class=\"wp-block-media-text is-stacked-on-mobile is-vertically-aligned-top\"><figure class=\"wp-block-media-text__media\"><img loading=\"lazy\" decoding=\"async\" width=\"500\" height=\"500\" src=\"https:\/\/blogs.uni-paderborn.de\/tmoritz\/files\/2025\/07\/lautseit1525-KL.jpg\" alt=\"\" class=\"wp-image-61 size-full\" srcset=\"https:\/\/blogs.uni-paderborn.de\/tmoritz\/files\/2025\/07\/lautseit1525-KL.jpg 500w, https:\/\/blogs.uni-paderborn.de\/tmoritz\/files\/2025\/07\/lautseit1525-KL-300x300.jpg 300w, https:\/\/blogs.uni-paderborn.de\/tmoritz\/files\/2025\/07\/lautseit1525-KL-150x150.jpg 150w\" sizes=\"auto, (max-width: 500px) 100vw, 500px\" \/><\/figure><div class=\"wp-block-media-text__content\">\n<p><a href=\"https:\/\/blogs.uni-paderborn.de\/1525-under-construction\/2025\/07\/17\/die-social-media-kampagne-lautseit1525\/\" data-type=\"link\" data-id=\"https:\/\/blogs.uni-paderborn.de\/1525-under-construction\/2025\/07\/17\/die-social-media-kampagne-lautseit1525\/\">#LAUTseit1525<\/a><\/p>\n<\/div><\/div>\n\n\n\n<div class=\"wp-block-media-text is-stacked-on-mobile is-vertically-aligned-top\"><figure class=\"wp-block-media-text__media\"><img loading=\"lazy\" decoding=\"async\" width=\"500\" height=\"500\" src=\"https:\/\/blogs.uni-paderborn.de\/tmoritz\/files\/2025\/07\/Narrenschiff02_GELB.jpg\" alt=\"\" class=\"wp-image-83 size-full\" srcset=\"https:\/\/blogs.uni-paderborn.de\/tmoritz\/files\/2025\/07\/Narrenschiff02_GELB.jpg 500w, https:\/\/blogs.uni-paderborn.de\/tmoritz\/files\/2025\/07\/Narrenschiff02_GELB-300x300.jpg 300w, https:\/\/blogs.uni-paderborn.de\/tmoritz\/files\/2025\/07\/Narrenschiff02_GELB-150x150.jpg 150w\" sizes=\"auto, (max-width: 500px) 100vw, 500px\" \/><\/figure><div class=\"wp-block-media-text__content\">\n<p><a href=\"https:\/\/blogs.uni-paderborn.de\/1525-under-construction\/2025\/07\/18\/ausser-konkurrenz-dozentensicht\/\" data-type=\"link\" data-id=\"https:\/\/blogs.uni-paderborn.de\/1525-under-construction\/2025\/07\/18\/ausser-konkurrenz-dozentensicht\/\">au\u00dfer konkurrenz: dozentensicht<\/a><\/p>\n<\/div><\/div>\n<\/div>\n<\/div>\n\n\n\n<aside class=\"wp-block-group alignfull is-style-section-3 has-global-padding is-layout-constrained wp-container-core-group-is-layout-f0f2a97b wp-block-group-is-layout-constrained is-style-section-3--6\" style=\"margin-top:0;margin-bottom:0;padding-top:var(--wp--preset--spacing--50);padding-right:var(--wp--preset--spacing--50);padding-bottom:var(--wp--preset--spacing--50);padding-left:var(--wp--preset--spacing--50)\">\n<div class=\"wp-block-group is-vertical is-content-justification-center is-layout-flex wp-container-core-group-is-layout-8778ca4a wp-block-group-is-layout-flex\" style=\"min-height:360px;margin-top:0;margin-bottom:0\">\n<h2 class=\"wp-block-heading has-text-align-center has-xx-large-font-size\">und weiter?<\/h2>\n\n\n\n<p class=\"has-text-align-center is-style-text-subtitle is-style-text-subtitle--7\">Das Seminar ist Teil der Profilschwerpunkte \u00bbReligion und Herrschaft\u00ab sowie \u00bbGe\u00ad\u00adschichts- und Er\u00adin\u00ad\u00adne\u00adrungs\u00ad\u00ad\u00adkul\u00adtur(en), Kul\u00adtur\u00ader\u00ad\u00adbe\u00ab des Historischen Instituts an der Universit\u00e4t Paderborn.<\/p>\n\n\n\n<div style=\"height:0px\" aria-hidden=\"true\" class=\"wp-block-spacer wp-container-content-62aae154\"><\/div>\n\n\n\n<div class=\"wp-block-buttons is-content-justification-center is-layout-flex wp-container-core-buttons-is-layout-a89b3969 wp-block-buttons-is-layout-flex\">\n<div class=\"wp-block-button\"><a class=\"wp-block-button__link has-text-align-center wp-element-button\" href=\"https:\/\/kw.uni-paderborn.de\/historisches-institut\/forschung\" target=\"_blank\" rel=\"noreferrer noopener\">zu den Profilschwerpunkten<\/a><\/div>\n<\/div>\n<\/div>\n<\/aside>\n\n\n\n<p><\/p>\n","protected":false},"excerpt":{"rendered":"<p>\u00bbDer Historiker muss gegen den Strich lesen und muss jede Identit\u00e4t verhindern, um die Konflikte freizulegen, die von der Identit\u00e4t zugedeckt werden.\u00ab R. Koselleck, Gibt es ein kollektives Ged\u00e4chtnis? (2004) idee Was heute als \u00bbder Bauernkrieg\u00ab erinnert wird, war ein vielstimmiges, zersplittertes Geschehen. Erst durch Bilder, Flugschriften, Erz\u00e4hlungen \u2013 durch Medien also \u2013 wurde daraus [&hellip;]<\/p>\n","protected":false},"author":9489,"featured_media":0,"parent":0,"menu_order":0,"comment_status":"closed","ping_status":"closed","template":"","meta":{"footnotes":""},"class_list":["post-6","page","type-page","status-publish","hentry"],"_links":{"self":[{"href":"https:\/\/blogs.uni-paderborn.de\/tmoritz\/wp-json\/wp\/v2\/pages\/6","targetHints":{"allow":["GET"]}}],"collection":[{"href":"https:\/\/blogs.uni-paderborn.de\/tmoritz\/wp-json\/wp\/v2\/pages"}],"about":[{"href":"https:\/\/blogs.uni-paderborn.de\/tmoritz\/wp-json\/wp\/v2\/types\/page"}],"author":[{"embeddable":true,"href":"https:\/\/blogs.uni-paderborn.de\/tmoritz\/wp-json\/wp\/v2\/users\/9489"}],"replies":[{"embeddable":true,"href":"https:\/\/blogs.uni-paderborn.de\/tmoritz\/wp-json\/wp\/v2\/comments?post=6"}],"version-history":[{"count":55,"href":"https:\/\/blogs.uni-paderborn.de\/tmoritz\/wp-json\/wp\/v2\/pages\/6\/revisions"}],"predecessor-version":[{"id":130,"href":"https:\/\/blogs.uni-paderborn.de\/tmoritz\/wp-json\/wp\/v2\/pages\/6\/revisions\/130"}],"wp:attachment":[{"href":"https:\/\/blogs.uni-paderborn.de\/tmoritz\/wp-json\/wp\/v2\/media?parent=6"}],"curies":[{"name":"wp","href":"https:\/\/api.w.org\/{rel}","templated":true}]}}