{"id":55,"date":"2024-06-10T12:41:18","date_gmt":"2024-06-10T10:41:18","guid":{"rendered":"https:\/\/blogs.uni-paderborn.de\/nachhaltigkeitskultur\/?page_id=55"},"modified":"2025-09-15T13:21:08","modified_gmt":"2025-09-15T11:21:08","slug":"presseinformationen","status":"publish","type":"page","link":"https:\/\/blogs.uni-paderborn.de\/nachhaltigkeitskultur\/presseinformationen\/","title":{"rendered":"Presse und Web"},"content":{"rendered":"<div class=\"twoclick_social_bookmarks_post_55 social_share_privacy clearfix 1.6.4 locale-de_DE sprite-de_DE\"><\/div><div class=\"twoclick-js\"><script type=\"text\/javascript\">\/* <![CDATA[ *\/\njQuery(document).ready(function($){if($('.twoclick_social_bookmarks_post_55')){$('.twoclick_social_bookmarks_post_55').socialSharePrivacy({\"txt_help\":\"Wenn Sie diese Felder durch einen Klick aktivieren, werden Informationen an Facebook, Twitter, Flattr, Xing, t3n, LinkedIn, Pinterest oder Google eventuell ins Ausland \\u00fcbertragen und unter Umst\\u00e4nden auch dort gespeichert. N\\u00e4heres erfahren Sie durch einen Klick auf das <em>i<\\\/em>.\",\"settings_perma\":\"Dauerhaft aktivieren und Daten\\u00fcber-tragung zustimmen:\",\"info_link\":\"http:\\\/\\\/www.heise.de\\\/ct\\\/artikel\\\/2-Klicks-fuer-mehr-Datenschutz-1333879.html\",\"uri\":\"https:\\\/\\\/blogs.uni-paderborn.de\\\/nachhaltigkeitskultur\\\/presseinformationen\\\/\",\"post_id\":55,\"post_title_referrer_track\":\"Presse+und+Web\",\"display_infobox\":\"on\"});}});\n\/* ]]> *\/<\/script><\/div>\n<p>Hier finden Sie  Artikel und Beitr\u00e4ge zu der Studie.<\/p>\n\n\n\n<p><a style=\"font-weight: bold\" href=\"https:\/\/www.guetsel.de\/content\/guetersloh\/86387\/guetersloh-wissenschaft-news-universitaet-paderborn-nachhaltigkeit-in-der-kulturveranstaltungsbranche.html\">23.04.2024<\/a><br><a style=\"font-weight: bold\" href=\"https:\/\/www.guetsel.de\/content\/guetersloh\/86387\/guetersloh-wissenschaft-news-universitaet-paderborn-nachhaltigkeit-in-der-kulturveranstaltungsbranche.html\">G\u00fctersloh Wissenschaft News &#8211; G\u00fctsel: <br>Universit\u00e4t Paderborn \u2013 Nachhaltigkeit in der Kulturveranstaltungsbranche<\/a><\/p>\n\n\n\n<hr class=\"wp-block-separator has-alpha-channel-opacity\" \/>\n\n\n\n<p><strong><a href=\"https:\/\/www.westfalen-blatt.de\/owl\/kreis-hoexter\/beverungen\/universitaet-paderborn-obs-festival-nachhaltigkeit-tickets-2963992\">25.04.2024<\/a><\/strong><br><strong><a href=\"https:\/\/www.westfalen-blatt.de\/owl\/kreis-hoexter\/beverungen\/universitaet-paderborn-obs-festival-nachhaltigkeit-tickets-2963992\">Westfalen-Blatt 25.04.2024 &#8211; Alexandra R\u00fcther: <br>Neues Forschungsprojekt &#8211; Uni Paderborn und OBS-Festival in Beverungen setzen auf Nachhaltigkeit. <\/a><\/strong><\/p>\n\n\n\n<hr class=\"wp-block-separator has-alpha-channel-opacity\" \/>\n\n\n\n<p><strong>30.04.2024<br>Neue Westf\u00e4lische:<br>Forschung zu Kultur-Events<\/strong><\/p>\n\n\n\n<p><span><a style=\"font-weight: bold\" href=\"https:\/\/www.westfalen-blatt.de\/owl\/kreis-paderborn\/paderborn\/forschungsprojekt-universitaet-open-air-events-2969594?pid=true\">05.05.2024<\/a><\/span><br><span><a style=\"font-weight: bold\" href=\"https:\/\/www.westfalen-blatt.de\/owl\/kreis-paderborn\/paderborn\/forschungsprojekt-universitaet-open-air-events-2969594?pid=true\">Westfalen-Blatt &#8211; Alexandra R\u00fcther:<br>Open-Air-Events als Forschungsobjekt<\/a><\/span><br><\/p>\n\n\n\n<p><strong><a href=\"https:\/\/www.paderborner-zeitung.de\/2025\/05\/24\/uni-paderborn-startet-pilotprojekt-beim-asta-sommerfestival\/\">24.05.2025\u00a0<br>Paderborner Zeitung:\u00a0<br>Uni Paderborn startet Pilotprojekt beim AStA-Sommerfestival\u00a0<\/a><\/strong><\/p>\n\n\n\n<p><strong><a href=\"https:\/\/www.westfalen-blatt.de\/owl\/kreis-paderborn\/paderborn\/asta-sommerfestival-universitaet-nachhaltigkeit-mobilitaet-3317109?pid=true&amp;ueg=default\" data-type=\"link\" data-id=\"https:\/\/www.westfalen-blatt.de\/owl\/kreis-paderborn\/paderborn\/asta-sommerfestival-universitaet-nachhaltigkeit-mobilitaet-3317109?pid=true&amp;ueg=default\">04.06.2025\u00a0<br>Westfalen-Blatt &#8211; Dietmar Kemper:\u00a0<br>Sommerfestival in Paderborn: Aschenbecher f\u00fcr die Massen\u00a0<\/a><\/strong><\/p>\n\n\n\n<p><strong><a href=\"https:\/\/www1.wdr.de\/nachrichten\/westfalen-lippe\/experiment-festival-paderborn-asta-100.html\">05.06.2025\u00a0<br>WDR1 &#8211; Katharina B\u00f6hmer:\u00a0<br>Campus-Festival ist Vorreiter f\u00fcr Experiment\u00a0<\/a><\/strong><\/p>\n\n\n\n<p><\/p>\n","protected":false},"excerpt":{"rendered":"<p>Hier finden Sie Artikel und Beitr\u00e4ge zu der Studie. 23.04.2024G\u00fctersloh Wissenschaft News &#8211; G\u00fctsel: Universit\u00e4t Paderborn \u2013 Nachhaltigkeit in der Kulturveranstaltungsbranche 25.04.2024Westfalen-Blatt 25.04.2024 &#8211; Alexandra R\u00fcther: Neues Forschungsprojekt &#8211; Uni Paderborn und OBS-Festival in Beverungen setzen auf Nachhaltigkeit. 30.04.2024Neue Westf\u00e4lische:Forschung zu Kultur-Events 05.05.2024Westfalen-Blatt &#8211; Alexandra R\u00fcther:Open-Air-Events als Forschungsobjekt 24.05.2025\u00a0Paderborner Zeitung:\u00a0Uni Paderborn startet Pilotprojekt beim AStA-Sommerfestival\u00a0 &hellip; <a href=\"https:\/\/blogs.uni-paderborn.de\/nachhaltigkeitskultur\/presseinformationen\/\" class=\"more-link\"><span class=\"screen-reader-text\">Presse und Web<\/span> weiterlesen<\/a><\/p>\n","protected":false},"author":9428,"featured_media":0,"parent":0,"menu_order":0,"comment_status":"closed","ping_status":"closed","template":"","meta":{"footnotes":""},"class_list":["post-55","page","type-page","status-publish","hentry"],"_links":{"self":[{"href":"https:\/\/blogs.uni-paderborn.de\/nachhaltigkeitskultur\/wp-json\/wp\/v2\/pages\/55","targetHints":{"allow":["GET"]}}],"collection":[{"href":"https:\/\/blogs.uni-paderborn.de\/nachhaltigkeitskultur\/wp-json\/wp\/v2\/pages"}],"about":[{"href":"https:\/\/blogs.uni-paderborn.de\/nachhaltigkeitskultur\/wp-json\/wp\/v2\/types\/page"}],"author":[{"embeddable":true,"href":"https:\/\/blogs.uni-paderborn.de\/nachhaltigkeitskultur\/wp-json\/wp\/v2\/users\/9428"}],"replies":[{"embeddable":true,"href":"https:\/\/blogs.uni-paderborn.de\/nachhaltigkeitskultur\/wp-json\/wp\/v2\/comments?post=55"}],"version-history":[{"count":7,"href":"https:\/\/blogs.uni-paderborn.de\/nachhaltigkeitskultur\/wp-json\/wp\/v2\/pages\/55\/revisions"}],"predecessor-version":[{"id":800,"href":"https:\/\/blogs.uni-paderborn.de\/nachhaltigkeitskultur\/wp-json\/wp\/v2\/pages\/55\/revisions\/800"}],"wp:attachment":[{"href":"https:\/\/blogs.uni-paderborn.de\/nachhaltigkeitskultur\/wp-json\/wp\/v2\/media?parent=55"}],"curies":[{"name":"wp","href":"https:\/\/api.w.org\/{rel}","templated":true}]}}